{"version":"1.0","provider_name":"Mes\u00e9lek neked...","provider_url":"https:\/\/tartsvelem.cafeblog.hu","author_name":"Amina J\u00e1zmin Thurz\u00f3","author_url":"https:\/\/tartsvelem.cafeblog.hu\/author\/facebook-com2517\/","title":"Lili elveszett","html":"<p style=\"text-align: center\"><strong>Egy nap<\/strong>\u00a0<strong>Lili elment az apuk\u00e1j\u00e1val biciklizni a parkba. Lili m\u00e9g nem tudott egyed\u00fcl felsz\u00e1llni a biciklire ez\u00e9rt apuk\u00e1ja seg\u00edtett neki. Elindultak a kapu fel\u00e9 \u00e9s apuk\u00e1j\u00e1nak az az \u00f6tlete t\u00e1madt,\u00a0hogy v\u00e1ljanak sz\u00e9t. Lili pedig nagyon megijedt ett\u0151l. Apuk\u00e1ja pedig azt mondta,\u00a0hogy nem kell f\u00e9lni. A j\u00e1rd\u00e1n,\u00a0ahol te majd v\u00e9gig fogsz menni, lesz h\u00fazva egy vonal azt kell majd k\u00f6vetned. H\u00e1t j\u00f3,\u00a0egyezett bele Lili \u00e9s m\u00e1r el is indult a vonalt k\u00f6vetve. \u00c9s mikor a v\u00e9ge fel\u00e9hez \u00e9rt volt h\u00fazva egy vonal a kapu fel\u00e9,\u00a0\u00e9s a f\u00e1k fel\u00e9. Lili nem tudta, hogy most merre menjen ez\u00e9rt lesz\u00e1llt a biciklir\u0151l \u00e9s megfordult de ahogy m\u00e1r az elej\u00e9n eml\u00edtettem,\u00a0Lili nem tudott mag\u00e1t\u00f3l felsz\u00e1llni a biciklire mert mindig mikor megpr\u00f3b\u00e1lta eld\u0151lt. De most minden erej\u00e9t bevetette, felsz\u00e1llt a biciklire \u00e9s elindult.<\/strong><\/p>\r\n<p style=\"text-align: center\"><a href=\"https:\/\/tartsvelem.cafeblog.hu\/files\/2016\/02\/bicikli.jpg\"><img class=\"alignnone wp-image-18 size-large\" src=\"https:\/\/tartsvelem.cafeblog.hu\/files\/2016\/02\/bicikli-600x398.jpg\" alt=\"bicikli\" width=\"600\" height=\"398\" \/><\/a><\/p>\r\n<p style=\"text-align: center\">\u00a0<b>Visszafel\u00e9 ment \u00e9s azt ki\u00e1ltozta, hogy - hol vagy apa! Ment ment de nem volt sehol az apuk\u00e1ja. L\u00e1tta k\u00e9t ember, hogy ott kiab\u00e1l. Apuk\u00e1ja is nagyon megijedt \u00e1m. Lili megl\u00e1tta \u0151t \u00e9s odabiciklizett, majd haza indultak, de m\u00e9g a k\u00e9t b\u00e1csi meg k\u00e9rdezte, hogy - minden rendben van? Apuk\u00e1ja pedig mosolyogva v\u00e1laszolta, hogy - most m\u00e1r igen. Mikor haza\u00e9rtek,\u00a0Lili mindent elmondott az anyuk\u00e1j\u00e1nak.\u00a0<\/b><\/p>","type":"rich","thumbnail_url":"https:\/\/tartsvelem.cafeblog.hu\/files\/2016\/02\/bicikli-150x150.jpg","thumbnail_width":150,"thumbnail_height":150}